{"id":188,"date":"2023-12-19T17:59:31","date_gmt":"2023-12-19T16:59:31","guid":{"rendered":"http:\/\/ffw-test.lysander-laubach.de\/?page_id=188"},"modified":"2023-12-20T22:47:41","modified_gmt":"2023-12-20T21:47:41","slug":"chronik","status":"publish","type":"page","link":"https:\/\/ffw-test.lysander-laubach.de\/index.php\/chronik\/","title":{"rendered":"Chronik"},"content":{"rendered":"\t\t<div data-elementor-type=\"wp-page\" data-elementor-id=\"188\" class=\"elementor elementor-188\" data-elementor-post-type=\"page\">\n\t\t\t\t<div class=\"elementor-element elementor-element-b7a7ec8 e-flex e-con-boxed e-con e-parent\" data-id=\"b7a7ec8\" data-element_type=\"container\" data-e-type=\"container\">\n\t\t\t\t\t<div class=\"e-con-inner\">\n\t\t\t\t<div class=\"elementor-element elementor-element-ac023dd elementor-widget elementor-widget-timeline-widget-addon\" data-id=\"ac023dd\" data-element_type=\"widget\" data-e-type=\"widget\" data-widget_type=\"timeline-widget-addon.default\">\n\t\t\t\t<div class=\"elementor-widget-container\">\n\t\t\t\t\t<!-- ========= Timeline Widget Addon For Elementor 1.6.2 ========= -->\r\n<div id=\"twae-wrapper-ac023dd\" class=\"twae-vertical twae-wrapper  twae-both-sided\">   \r\n    <div class=\"twae-start\"><\/div>    \r\n    <div id=\"twea-timeline-ac023dd\" class=\"twae-timeline\" ><!-- Start of Story Repeater Content --><div id=\"story-ae5233c\" class=\"twae-story twae-repeater-item twae-story-right twae-story-no-icon\"><!-- Story Label --><div class=\"twae-labels\"><div class=\"twae-label-big\">1932<\/div><\/div><!-- Story Icon --><div class=\"twae-icon\"><i aria-hidden=\"true\" class=\"far fa-clock\"><\/i><\/div><!-- Story Arrow --><div class=\"twae-arrow\"><\/div><!-- Start of Story Content --><div class=\"twae-content\"><!-- Story Title --><div class=\"twae-title\">Gr\u00fcndung<\/div><!-- Story Description --><div class=\"twae-description\"><p><a>Gr\u00fcndung der Freiwilligen Feuerwehr Waldensberg durch Herrn Fritz Rockmann.<\/a><\/p><\/div><\/div><\/div><!-- Start of Story Repeater Content --><div id=\"story-40b73e8\" class=\"twae-story twae-repeater-item twae-story-left twae-story-no-icon\"><!-- Story Label --><div class=\"twae-labels\"><div class=\"twae-label-big\">1933<\/div><\/div><!-- Story Icon --><div class=\"twae-icon\"><i aria-hidden=\"true\" class=\"far fa-clock\"><\/i><\/div><!-- Story Arrow --><div class=\"twae-arrow\"><\/div><!-- Start of Story Content --><div class=\"twae-content\"><!-- Story Title --><div class=\"twae-title\">Wechsel Wehrf\u00fchrung<\/div><!-- Story Description --><div class=\"twae-description\"><p><a>\u00dcbernahme der Wehr durch Herrn Heinrich Becher. Er blieb Wehrf\u00fchrer bis zum Jahre 1945.<\/a><\/p><\/div><\/div><\/div><!-- Start of Story Repeater Content --><div id=\"story-0cba89c\" class=\"twae-story twae-repeater-item twae-story-right twae-story-no-icon\"><!-- Story Label --><div class=\"twae-labels\"><div class=\"twae-label-big\">1945<\/div><\/div><!-- Story Icon --><div class=\"twae-icon\"><i aria-hidden=\"true\" class=\"far fa-clock\"><\/i><\/div><!-- Story Arrow --><div class=\"twae-arrow\"><\/div><!-- Start of Story Content --><div class=\"twae-content\"><!-- Story Title --><div class=\"twae-title\">Wechsel Wehrf\u00fchrer<\/div><!-- Story Description --><div class=\"twae-description\"><p><a>Zum neuen Wehrf\u00fchrer wurde Herr Johannes Schultheis gew\u00e4hlt. Er leitete die Feuerwehr bis 1948.<\/a><\/p><\/div><\/div><\/div><!-- Start of Story Repeater Content --><div id=\"story-4b423f4\" class=\"twae-story twae-repeater-item twae-story-left twae-story-no-icon\"><!-- Story Label --><div class=\"twae-labels\"><div class=\"twae-label-big\">1948<\/div><\/div><!-- Story Icon --><div class=\"twae-icon\"><i aria-hidden=\"true\" class=\"far fa-clock\"><\/i><\/div><!-- Story Arrow --><div class=\"twae-arrow\"><\/div><!-- Start of Story Content --><div class=\"twae-content\"><!-- Story Title --><div class=\"twae-title\">Wechsel Wehrf\u00fchrer<\/div><!-- Story Description --><div class=\"twae-description\"><p><a>Ortsbrandmeister Jacob Nagel f\u00fchrte die Wehr bis 1956.<\/a><\/p><\/div><\/div><\/div><!-- Start of Story Repeater Content --><div id=\"story-5ac6662\" class=\"twae-story twae-repeater-item twae-story-right twae-story-no-icon\"><!-- Story Label --><div class=\"twae-labels\"><div class=\"twae-label-big\">1956<\/div><\/div><!-- Story Icon --><div class=\"twae-icon\"><i aria-hidden=\"true\" class=\"far fa-clock\"><\/i><\/div><!-- Story Arrow --><div class=\"twae-arrow\"><\/div><!-- Start of Story Content --><div class=\"twae-content\"><!-- Story Title --><div class=\"twae-title\">\u00dcbernahme Feuerl\u00f6schkreiselpumpe<\/div><!-- Story Description --><div class=\"twae-description\"><p>Die Wehr konnte eine TS 8\/8 \u00fcbernehmen<\/p><\/div><\/div><\/div><!-- Start of Story Repeater Content --><div id=\"story-e8bf011\" class=\"twae-story twae-repeater-item twae-story-left twae-story-no-icon\"><!-- Story Icon --><div class=\"twae-icon\"><i aria-hidden=\"true\" class=\"far fa-clock\"><\/i><\/div><!-- Story Arrow --><div class=\"twae-arrow\"><\/div><!-- Start of Story Content --><div class=\"twae-content\"><!-- Story Title --><div class=\"twae-title\">Wechsel Wehrf\u00fchrer<\/div><!-- Story Description --><div class=\"twae-description\"><p><a>Zum neuen Ortsbrandmeister wurde Karl Piston gew\u00e4hlt.<\/a><\/p><\/div><\/div><\/div><!-- Start of Story Repeater Content --><div id=\"story-f437266\" class=\"twae-story twae-repeater-item twae-story-right twae-story-no-icon\"><!-- Story Label --><div class=\"twae-labels\"><div class=\"twae-label-big\">1970<\/div><\/div><!-- Story Icon --><div class=\"twae-icon\"><i aria-hidden=\"true\" class=\"far fa-clock\"><\/i><\/div><!-- Story Arrow --><div class=\"twae-arrow\"><\/div><!-- Start of Story Content --><div class=\"twae-content\"><!-- Story Title --><div class=\"twae-title\">Wechsel Wehrf\u00fchrer<\/div><!-- Story Description --><div class=\"twae-description\"><p><a>Herr Jacob Nagel wurde erneut als Wehrf\u00fchrer gew\u00e4hlt und f\u00fchrte dieses Amt bis 1975.<\/a><\/p><\/div><\/div><\/div><!-- Start of Story Repeater Content --><div id=\"story-2e285bf\" class=\"twae-story twae-repeater-item twae-story-left twae-story-no-icon\"><!-- Story Label --><div class=\"twae-labels\"><div class=\"twae-label-big\">1971<\/div><\/div><!-- Story Icon --><div class=\"twae-icon\"><i aria-hidden=\"true\" class=\"far fa-clock\"><\/i><\/div><!-- Story Arrow --><div class=\"twae-arrow\"><\/div><!-- Start of Story Content --><div class=\"twae-content\"><!-- Story Title --><div class=\"twae-title\">Wechsel Fahrzeug<\/div><!-- Story Description --><div class=\"twae-description\"><p><a>Es wurde ein Tragkraftspritzenfahrzeug angeschafft.<\/a><\/p><\/div><\/div><\/div><!-- Start of Story Repeater Content --><div id=\"story-4908eac\" class=\"twae-story twae-repeater-item twae-story-right twae-story-no-icon\"><!-- Story Icon --><div class=\"twae-icon\"><i aria-hidden=\"true\" class=\"far fa-clock\"><\/i><\/div><!-- Story Arrow --><div class=\"twae-arrow\"><\/div><!-- Start of Story Content --><div class=\"twae-content\"><!-- Story Title --><div class=\"twae-title\">Errichtung Ger\u00e4tehaus<\/div><!-- Story Description --><div class=\"twae-description\"><p>Das durch Eigenleistung errichtete Ger\u00e4tehaus konnte im Herbst er\u00f6ffnet werden<\/p><\/div><\/div><\/div><!-- Start of Story Repeater Content --><div id=\"story-05848b9\" class=\"twae-story twae-repeater-item twae-story-left twae-story-no-icon\"><!-- Story Label --><div class=\"twae-labels\"><div class=\"twae-label-big\">1972<\/div><\/div><!-- Story Icon --><div class=\"twae-icon\"><i aria-hidden=\"true\" class=\"far fa-clock\"><\/i><\/div><!-- Story Arrow --><div class=\"twae-arrow\"><\/div><!-- Start of Story Content --><div class=\"twae-content\"><!-- Story Title --><div class=\"twae-title\">Gr\u00fcndung der Jugendfeuerwehr<\/div><!-- Story Description --><div class=\"twae-description\"><p>Unter Leitung von Jacob Nagel wurde die Jugendfeuerwehr gegr\u00fcndet<\/p><\/div><\/div><\/div><!-- Start of Story Repeater Content --><div id=\"story-e23622f\" class=\"twae-story twae-repeater-item twae-story-right twae-story-no-icon\"><!-- Story Label --><div class=\"twae-labels\"><div class=\"twae-label-big\">1973<\/div><\/div><!-- Story Icon --><div class=\"twae-icon\"><i aria-hidden=\"true\" class=\"far fa-clock\"><\/i><\/div><!-- Story Arrow --><div class=\"twae-arrow\"><\/div><!-- Start of Story Content --><div class=\"twae-content\"><!-- Story Title --><div class=\"twae-title\">Feier 40-j\u00e4hriges Bestehen<\/div><\/div><\/div><!-- Start of Story Repeater Content --><div id=\"story-8658b91\" class=\"twae-story twae-repeater-item twae-story-left twae-story-no-icon\"><!-- Story Label --><div class=\"twae-labels\"><div class=\"twae-label-big\">1975<\/div><\/div><!-- Story Icon --><div class=\"twae-icon\"><i aria-hidden=\"true\" class=\"far fa-clock\"><\/i><\/div><!-- Story Arrow --><div class=\"twae-arrow\"><\/div><!-- Start of Story Content --><div class=\"twae-content\"><!-- Story Title --><div class=\"twae-title\">Wechsel Wehrf\u00fchrer<\/div><!-- Story Description --><div class=\"twae-description\"><p><a>Herr Wilhelm Schmidt wurde zum neuen Wehrf\u00fchrer gew\u00e4hlt.<\/a><\/p><\/div><\/div><\/div><!-- Start of Story Repeater Content --><div id=\"story-ec27d12\" class=\"twae-story twae-repeater-item twae-story-right twae-story-no-icon\"><!-- Story Label --><div class=\"twae-labels\"><div class=\"twae-label-big\">1981<\/div><\/div><!-- Story Icon --><div class=\"twae-icon\"><i aria-hidden=\"true\" class=\"far fa-clock\"><\/i><\/div><!-- Story Arrow --><div class=\"twae-arrow\"><\/div><!-- Start of Story Content --><div class=\"twae-content\"><!-- Story Title --><div class=\"twae-title\">Erweiterung Ger\u00e4tehaus<\/div><!-- Story Description --><div class=\"twae-description\"><p>Der Anbau des Ger\u00e4tehauses wurde fertiggestellt<\/p><\/div><\/div><\/div><!-- Start of Story Repeater Content --><div id=\"story-c92d0ce\" class=\"twae-story twae-repeater-item twae-story-left twae-story-no-icon\"><!-- Story Label --><div class=\"twae-labels\"><div class=\"twae-label-big\">1983<\/div><\/div><!-- Story Icon --><div class=\"twae-icon\"><i aria-hidden=\"true\" class=\"far fa-clock\"><\/i><\/div><!-- Story Arrow --><div class=\"twae-arrow\"><\/div><!-- Start of Story Content --><div class=\"twae-content\"><!-- Story Title --><div class=\"twae-title\">Feier 50-j\u00e4hriges Bestehen<\/div><!-- Story Description --><div class=\"twae-description\">Add Description Here<\/div><\/div><\/div><!-- Start of Story Repeater Content --><div id=\"story-28b9446\" class=\"twae-story twae-repeater-item twae-story-right twae-story-no-icon\"><!-- Story Label --><div class=\"twae-labels\"><div class=\"twae-label-big\">1985<\/div><\/div><!-- Story Icon --><div class=\"twae-icon\"><i aria-hidden=\"true\" class=\"far fa-clock\"><\/i><\/div><!-- Story Arrow --><div class=\"twae-arrow\"><\/div><!-- Start of Story Content --><div class=\"twae-content\"><!-- Story Title --><div class=\"twae-title\">Wechsel Wehrf\u00fchrer<\/div><!-- Story Description --><div class=\"twae-description\"><p><a>Herr Werner Schmidt \u00fcbernahm bis 1991 das Amt des Wehrf\u00fchrers.<\/a><\/p><\/div><\/div><\/div><!-- Start of Story Repeater Content --><div id=\"story-1d69521\" class=\"twae-story twae-repeater-item twae-story-left twae-story-no-icon\"><!-- Story Label --><div class=\"twae-labels\"><div class=\"twae-label-big\">1991<\/div><\/div><!-- Story Icon --><div class=\"twae-icon\"><i aria-hidden=\"true\" class=\"far fa-clock\"><\/i><\/div><!-- Story Arrow --><div class=\"twae-arrow\"><\/div><!-- Start of Story Content --><div class=\"twae-content\"><!-- Story Title --><div class=\"twae-title\">Wechsel Wehrf\u00fchrer<\/div><!-- Story Description --><div class=\"twae-description\"><p><a>Herrn Sigmar Obermann <\/a><a>\u00dcbernahm das Wehrf\u00fchreramt<\/a><a>. Er begleitet das Amt bis 2008.<\/a><\/p><\/div><\/div><\/div><!-- Start of Story Repeater Content --><div id=\"story-af73bdf\" class=\"twae-story twae-repeater-item twae-story-right twae-story-no-icon\"><!-- Story Label --><div class=\"twae-labels\"><div class=\"twae-label-big\">1994<\/div><\/div><!-- Story Icon --><div class=\"twae-icon\"><i aria-hidden=\"true\" class=\"far fa-clock\"><\/i><\/div><!-- Story Arrow --><div class=\"twae-arrow\"><\/div><!-- Start of Story Content --><div class=\"twae-content\"><!-- Story Title --><div class=\"twae-title\">Fahrzeugeinweihung<\/div><!-- Story Image --><div class=\"twae-media thumbnail\"><img decoding=\"async\" width=\"150\" height=\"113\" src=\"https:\/\/ffw-test.lysander-laubach.de\/wp-content\/uploads\/2023\/12\/tsf_01.jpg\" class=\"attachment-thumbnail size-thumbnail\" alt=\"\" \/><\/div><!-- Story Description --><div class=\"twae-description\"><p><a>Feierliche \u00dcbernhame des neuen TSF statt. Das ausgediente TSF wurde an die Partnergemeinde Bobbio Pellice (Italien) \u00fcbergeben.<\/a><\/p><\/div><\/div><\/div><!-- Start of Story Repeater Content --><div id=\"story-f92d58f\" class=\"twae-story twae-repeater-item twae-story-left twae-story-no-icon\"><!-- Story Label --><div class=\"twae-labels\"><div class=\"twae-label-big\">1998<\/div><\/div><!-- Story Icon --><div class=\"twae-icon\"><i aria-hidden=\"true\" class=\"far fa-clock\"><\/i><\/div><!-- Story Arrow --><div class=\"twae-arrow\"><\/div><!-- Start of Story Content --><div class=\"twae-content\"><!-- Story Title --><div class=\"twae-title\">Feier des 25-j\u00e4hrigen Bestehens der Jugendwehr.<\/div><\/div><\/div><!-- Start of Story Repeater Content --><div id=\"story-099b3af\" class=\"twae-story twae-repeater-item twae-story-right twae-story-no-icon\"><!-- Story Label --><div class=\"twae-labels\"><div class=\"twae-label-big\">1998<\/div><\/div><!-- Story Icon --><div class=\"twae-icon\"><i aria-hidden=\"true\" class=\"far fa-clock\"><\/i><\/div><!-- Story Arrow --><div class=\"twae-arrow\"><\/div><!-- Start of Story Content --><div class=\"twae-content\"><!-- Story Title --><div class=\"twae-title\">Fahrzeug\u00fcbernahme<\/div><!-- Story Image --><div class=\"twae-media thumbnail\"><img decoding=\"async\" width=\"150\" height=\"113\" src=\"https:\/\/ffw-test.lysander-laubach.de\/wp-content\/uploads\/2023\/12\/mtf_01.jpg\" class=\"attachment-thumbnail size-thumbnail\" alt=\"\" \/><\/div><!-- Story Description --><div class=\"twae-description\"><p>\u00dcbernahme des neuen MTF<\/p><\/div><\/div><\/div><!-- Start of Story Repeater Content --><div id=\"story-75d298a\" class=\"twae-story twae-repeater-item twae-story-left twae-story-no-icon\"><!-- Story Label --><div class=\"twae-labels\"><div class=\"twae-label-big\">2008<\/div><\/div><!-- Story Icon --><div class=\"twae-icon\"><i aria-hidden=\"true\" class=\"far fa-clock\"><\/i><\/div><!-- Story Arrow --><div class=\"twae-arrow\"><\/div><!-- Start of Story Content --><div class=\"twae-content\"><!-- Story Title --><div class=\"twae-title\">Wechsel Wehrf\u00fchrer<\/div><!-- Story Description --><div class=\"twae-description\"><p><a>\u00a0Frau Miriam Steinberger<\/a> <a>\u00dcbernahm das Wehrf\u00fchreramt<\/a><a>. Sie begleitet das Amt bis 2022.<\/a><\/p><\/div><\/div><\/div><!-- Start of Story Repeater Content --><div id=\"story-9ad35ee\" class=\"twae-story twae-repeater-item twae-story-right twae-story-no-icon\"><!-- Story Label --><div class=\"twae-labels\"><div class=\"twae-label-big\">2022<\/div><\/div><!-- Story Icon --><div class=\"twae-icon\"><i aria-hidden=\"true\" class=\"far fa-clock\"><\/i><\/div><!-- Story Arrow --><div class=\"twae-arrow\"><\/div><!-- Start of Story Content --><div class=\"twae-content\"><!-- Story Title --><div class=\"twae-title\">Wechsel Wehrf\u00fchrer<\/div><!-- Story Description --><div class=\"twae-description\"><p><a>Herr Sebastian Kress<\/a> <a>\u00dcbernahm das Wehrf\u00fchreramt<\/a><a>.<\/a><\/p><\/div><\/div><\/div><\/div>\r\n    <div class=\"twae-end\"><\/div>\r\n    <\/div><style type=\"text\/css\">@media (max-width: 1024px){ .twae-wrapper{--tw-ybx-size: 80px !important;}}@media (max-width: 767px){ .twae-wrapper{--tw-ybx-size: 80px !important}}<\/style>\t\t\t\t<\/div>\n\t\t\t\t<\/div>\n\t\t\t\t\t<\/div>\n\t\t\t\t<\/div>\n\t\t\t\t<\/div>\n\t\t","protected":false},"excerpt":{"rendered":"<p>1932Gr\u00fcndung Gr\u00fcndung der Freiwilligen Feuerwehr Waldensberg durch Herrn Fritz Rockmann. 1933Wechsel Wehrf\u00fchrung \u00dcbernahme der Wehr durch Herrn Heinrich Becher. Er blieb Wehrf\u00fchrer bis zum Jahre 1945. 1945Wechsel Wehrf\u00fchrer Zum neuen Wehrf\u00fchrer wurde Herr Johannes Schultheis gew\u00e4hlt. Er leitete die Feuerwehr bis 1948. 1948Wechsel Wehrf\u00fchrer Ortsbrandmeister Jacob Nagel f\u00fchrte die Wehr bis 1956. 1956\u00dcbernahme Feuerl\u00f6schkreiselpumpe Die [&hellip;]<\/p>\n","protected":false},"author":1,"featured_media":0,"parent":0,"menu_order":0,"comment_status":"closed","ping_status":"closed","template":"","meta":{"footnotes":""},"class_list":["post-188","page","type-page","status-publish","hentry"],"_links":{"self":[{"href":"https:\/\/ffw-test.lysander-laubach.de\/index.php\/wp-json\/wp\/v2\/pages\/188","targetHints":{"allow":["GET"]}}],"collection":[{"href":"https:\/\/ffw-test.lysander-laubach.de\/index.php\/wp-json\/wp\/v2\/pages"}],"about":[{"href":"https:\/\/ffw-test.lysander-laubach.de\/index.php\/wp-json\/wp\/v2\/types\/page"}],"author":[{"embeddable":true,"href":"https:\/\/ffw-test.lysander-laubach.de\/index.php\/wp-json\/wp\/v2\/users\/1"}],"replies":[{"embeddable":true,"href":"https:\/\/ffw-test.lysander-laubach.de\/index.php\/wp-json\/wp\/v2\/comments?post=188"}],"version-history":[{"count":16,"href":"https:\/\/ffw-test.lysander-laubach.de\/index.php\/wp-json\/wp\/v2\/pages\/188\/revisions"}],"predecessor-version":[{"id":320,"href":"https:\/\/ffw-test.lysander-laubach.de\/index.php\/wp-json\/wp\/v2\/pages\/188\/revisions\/320"}],"wp:attachment":[{"href":"https:\/\/ffw-test.lysander-laubach.de\/index.php\/wp-json\/wp\/v2\/media?parent=188"}],"curies":[{"name":"wp","href":"https:\/\/api.w.org\/{rel}","templated":true}]}}